{"id":25288,"date":"2022-05-02T11:43:12","date_gmt":"2022-05-02T09:43:12","guid":{"rendered":"https:\/\/www.fap-learning-lab.org\/?post_type=tribe_events&#038;p=25288"},"modified":"2022-05-04T18:47:54","modified_gmt":"2022-05-04T16:47:54","slug":"webinaire-genre-habitat-regards-sur-des-experiences-de-terrain","status":"publish","type":"tribe_events","link":"https:\/\/housinglearninglab.fondationpourlelogement.fr\/fr\/event\/webinaire-genre-habitat-regards-sur-des-experiences-de-terrain\/","title":{"rendered":"Webinaire genre &amp; habitat : regards sur des exp\u00e9riences de terrain"},"content":{"rendered":"<p><img fetchpriority=\"high\" decoding=\"async\" class=\"wp-image-25291 aligncenter\" src=\"https:\/\/www.fap-learning-lab.org\/wp-content\/uploads\/2022\/04\/IMG_3722.jpg\" alt=\"\" width=\"503\" height=\"335\" \/><\/p>\n<p>Afin d\u2019alimenter la r\u00e9flexion sur la question du genre dans les projets d&rsquo;habitat, nous nous sommes int\u00e9ress\u00e9\u00b7es aux exp\u00e9riences d\u2019actrices et d\u2019acteurs du secteur de l\u2019habitat et du logement pour r\u00e9colter des pratiques, des moyens et strat\u00e9gies, ainsi que des le\u00e7ons apprises de leurs exp\u00e9riences dans la prise en compte des in\u00e9galit\u00e9s de genre dans leurs projets et programmes.<\/p>\n<p>Ce webinaire est organis\u00e9 \u00e0 l&rsquo;occasion de la mise en ligne sur la plateforme d&rsquo;un dossier qui compile trois articles sur la\u00a0 perspective de genre dans le secteur de l&rsquo;habitat, ainsi que 8 \u00e9tudes de cas de projets de logement sensible au genre. Ce webinaire sera l&rsquo;occasion de d\u00e9couvrir un certain nombre de ces \u00e9tudes de cas avec un temps pour discuter et \u00e9changer \u00e0 ce sujet.<\/p>\n<p><b>Inscription au webinaire (CRAterre) : <a href=\"https:\/\/forms.gle\/xsL91JCzm1bSaVL49\" target=\"_blank\" rel=\"noopener\">https:\/\/forms.gle\/xsL91JCzm1bSaVL49<\/a><\/b><\/p>\n","protected":false},"excerpt":{"rendered":"<p>Afin d\u2019alimenter la r\u00e9flexion sur la question du genre dans les projets d&rsquo;habitat, nous nous sommes int\u00e9ress\u00e9\u00b7es aux exp\u00e9riences d\u2019actrices et d\u2019acteurs du secteur de l\u2019habitat et du logement pour&hellip;<\/p>\n","protected":false},"author":28,"featured_media":25307,"template":"","meta":{"_tribe_events_status":"","_tribe_events_status_reason":"","footnotes":""},"tags":[300,298,217,299],"tribe_events_cat":[],"class_list":["post-25288","tribe_events","type-tribe_events","status-publish","has-post-thumbnail","hentry","tag-experiences","tag-genre","tag-habitat-fr","tag-webinaire"],"_links":{"self":[{"href":"https:\/\/housinglearninglab.fondationpourlelogement.fr\/fr\/wp-json\/wp\/v2\/tribe_events\/25288","targetHints":{"allow":["GET"]}}],"collection":[{"href":"https:\/\/housinglearninglab.fondationpourlelogement.fr\/fr\/wp-json\/wp\/v2\/tribe_events"}],"about":[{"href":"https:\/\/housinglearninglab.fondationpourlelogement.fr\/fr\/wp-json\/wp\/v2\/types\/tribe_events"}],"author":[{"embeddable":true,"href":"https:\/\/housinglearninglab.fondationpourlelogement.fr\/fr\/wp-json\/wp\/v2\/users\/28"}],"version-history":[{"count":0,"href":"https:\/\/housinglearninglab.fondationpourlelogement.fr\/fr\/wp-json\/wp\/v2\/tribe_events\/25288\/revisions"}],"wp:featuredmedia":[{"embeddable":true,"href":"https:\/\/housinglearninglab.fondationpourlelogement.fr\/fr\/wp-json\/wp\/v2\/media\/25307"}],"wp:attachment":[{"href":"https:\/\/housinglearninglab.fondationpourlelogement.fr\/fr\/wp-json\/wp\/v2\/media?parent=25288"}],"wp:term":[{"taxonomy":"post_tag","embeddable":true,"href":"https:\/\/housinglearninglab.fondationpourlelogement.fr\/fr\/wp-json\/wp\/v2\/tags?post=25288"},{"taxonomy":"tribe_events_cat","embeddable":true,"href":"https:\/\/housinglearninglab.fondationpourlelogement.fr\/fr\/wp-json\/wp\/v2\/tribe_events_cat?post=25288"}],"curies":[{"name":"wp","href":"https:\/\/api.w.org\/{rel}","templated":true}]}}